{"id":414,"date":"2022-09-07T08:50:47","date_gmt":"2022-09-07T06:50:47","guid":{"rendered":"https:\/\/calorstat-classic.com\/?page_id=414"},"modified":"2022-09-07T08:52:54","modified_gmt":"2022-09-07T06:52:54","slug":"politique-de-confidentialite-2","status":"publish","type":"page","link":"https:\/\/calorstat-classic.com\/index.php\/fr\/politique-de-confidentialite-2\/","title":{"rendered":"Politique de confidentialit\u00e9"},"content":{"rendered":"\t\t<div data-elementor-type=\"wp-page\" data-elementor-id=\"414\" class=\"elementor elementor-414\" data-elementor-post-type=\"page\">\n\t\t\t\t\t\t<section class=\"elementor-section elementor-top-section elementor-element elementor-element-6d51eca3 elementor-section-height-min-height elementor-section-boxed elementor-section-height-default elementor-section-items-middle\" data-id=\"6d51eca3\" data-element_type=\"section\" data-e-type=\"section\" data-settings=\"{&quot;background_background&quot;:&quot;classic&quot;}\">\n\t\t\t\t\t\t<div class=\"elementor-container elementor-column-gap-default\">\n\t\t\t\t\t<div class=\"elementor-column elementor-col-100 elementor-top-column elementor-element elementor-element-41260747\" data-id=\"41260747\" data-element_type=\"column\" data-e-type=\"column\">\n\t\t\t<div class=\"elementor-widget-wrap elementor-element-populated\">\n\t\t\t\t\t\t<div class=\"elementor-element elementor-element-efde094 elementor-view-default elementor-widget elementor-widget-icon\" data-id=\"efde094\" data-element_type=\"widget\" data-e-type=\"widget\" data-widget_type=\"icon.default\">\n\t\t\t\t<div class=\"elementor-widget-container\">\n\t\t\t\t\t\t\t<div class=\"elementor-icon-wrapper\">\n\t\t\t<div class=\"elementor-icon\">\n\t\t\t<i aria-hidden=\"true\" class=\"fas fa-balance-scale-left\"><\/i>\t\t\t<\/div>\n\t\t<\/div>\n\t\t\t\t\t\t<\/div>\n\t\t\t\t<\/div>\n\t\t\t\t<div class=\"elementor-element elementor-element-5652c71e elementor-widget elementor-widget-heading\" data-id=\"5652c71e\" data-element_type=\"widget\" data-e-type=\"widget\" data-widget_type=\"heading.default\">\n\t\t\t\t<div class=\"elementor-widget-container\">\n\t\t\t\t\t<h1 class=\"elementor-heading-title elementor-size-default\">Legal<\/h1>\t\t\t\t<\/div>\n\t\t\t\t<\/div>\n\t\t\t\t\t<\/div>\n\t\t<\/div>\n\t\t\t\t\t<\/div>\n\t\t<\/section>\n\t\t\t\t<section class=\"elementor-section elementor-top-section elementor-element elementor-element-4e8efdad elementor-section-boxed elementor-section-height-default elementor-section-height-default\" data-id=\"4e8efdad\" data-element_type=\"section\" data-e-type=\"section\">\n\t\t\t\t\t\t<div class=\"elementor-container elementor-column-gap-default\">\n\t\t\t\t\t<div class=\"elementor-column elementor-col-100 elementor-top-column elementor-element elementor-element-39d8a698\" data-id=\"39d8a698\" data-element_type=\"column\" data-e-type=\"column\">\n\t\t\t<div class=\"elementor-widget-wrap elementor-element-populated\">\n\t\t\t\t\t\t<div class=\"elementor-element elementor-element-2a81bbc5 elementor-widget elementor-widget-text-editor\" data-id=\"2a81bbc5\" data-element_type=\"widget\" data-e-type=\"widget\" data-widget_type=\"text-editor.default\">\n\t\t\t\t<div class=\"elementor-widget-container\">\n\t\t\t\t\t\t\t\t\t<p><span style=\"font-size: 24px;\"><b>POLITIQUE VIE PRIV\u00c9E<\/b><\/span><\/p>\n<p>Le Groupe Vernet, en tant que responsable du traitement des donn\u00e9es, attache une grande importance \u00e0 la protection de la vie priv\u00e9e et des donn\u00e9es personnelles.<\/p><p><br><\/p><p><span style=\"font-size: inherit;\">La pr\u00e9sente politique de confidentialit\u00e9 a pour objet d&#8217;expliquer nos pratiques et nos engagements concernant le traitement de vos donn\u00e9es afin de respecter le cadre l\u00e9gal.&nbsp;<\/span><br><\/p><p><br><\/p><p><span style=\"font-size: inherit;\">Ce cadre juridique est r\u00e9gi par la loi n\u00b0 78-17 du 6 janvier 1978 relative \u00e0 l&#8217;informatique, aux fichiers et aux libert\u00e9s, telle que modifi\u00e9e (ci-apr\u00e8s &#8221; Loi Informatique et Libert\u00e9s &#8220;), et le R\u00e8glement (UE) n\u00b0 2016\/679 du 27 avril 2016 relatif \u00e0 la protection des personnes physiques \u00e0 l&#8217;\u00e9gard du Traitement des donn\u00e9es \u00e0 caract\u00e8re personnel et \u00e0 la libre circulation de ces donn\u00e9es (ci-apr\u00e8s &#8221; RGPD &#8220;).<\/span><br><\/p><p><br><\/p><p><span style=\"font-size: inherit;\">Quelles sont les donn\u00e9es collect\u00e9es et trait\u00e9es ?<\/span><br><\/p><p><br><\/p><p>Nous ne collectons que les donn\u00e9es strictement n\u00e9cessaires pour vous solliciter commercialement et r\u00e9pondre \u00e0 vos demandes, dans le cadre des int\u00e9r\u00eats l\u00e9gitimes du Groupe Vernet \u00e0 d\u00e9velopper sa client\u00e8le B2B.&nbsp;<\/p><p><br><\/p><p><span style=\"font-size: inherit;\">Votre consentement pr\u00e9alable \u00e0 recevoir ces sollicitations n&#8217;est pas obligatoire d\u00e8s lors qu&#8217;elles s&#8217;inscrivent dans une d\u00e9marche commerciale B2B (entre professionnels) et dans le cadre de votre activit\u00e9 professionnelle.<\/span><br><\/p><p><br><\/p><p>Le Groupe Vernet collecte les donn\u00e9es suivantes : adresse e-mail, nom, pr\u00e9nom, nom de votre entreprise.<\/p><p><br><\/p><p>Certaines des donn\u00e9es mentionn\u00e9es ci-dessus peuvent avoir \u00e9t\u00e9 collect\u00e9es \u00e0 partir de sources accessibles au public (r\u00e9seaux sociaux professionnels) afin d&#8217;entrer en contact avec vous et de vous proposer des offres commerciales.<\/p><p><br><\/p><p><span style=\"font-size: inherit;\">Combien de temps vos donn\u00e9es seront-elles conserv\u00e9es ?<\/span><br><\/p><p><br><\/p><p>Lorsque vos donn\u00e9es personnelles ne sont plus n\u00e9cessaires \u00e0 nos fins, elles sont supprim\u00e9es par le Groupe Vernet.<\/p><p><br><\/p><p>Nous conservons vos donn\u00e9es afin de vous solliciter commercialement pendant une p\u00e9riode de 3 ans \u00e0 compter du dernier contact (exemple de dernier contact : participation \u00e0 un concours, participation \u00e0 un webinaire, envoi d&#8217;un e-mail, appel t\u00e9l\u00e9phonique ou clic sur un lien hypertexte contenu dans un e-mail).<\/p><p><br><\/p><p><span style=\"font-size: inherit;\">Qui acc\u00e8de \u00e0 vos donn\u00e9es ?<\/span><br><\/p><p><br><\/p><p>Afin de vous offrir les diff\u00e9rents services et fonctionnalit\u00e9s de son site internet, le Groupe Vernet fait appel \u00e0 des prestataires de services. Ces soci\u00e9t\u00e9s sont \u00e9galement les destinataires de tout ou partie des donn\u00e9es que vous transmettez. Elles sont en charge de l&#8217;h\u00e9bergement, de la maintenance et participent \u00e0 l&#8217;\u00e9dition et au bon fonctionnement du site internet.<\/p><p><br><\/p><p>Par ailleurs, le Groupe Vernet fait appel \u00e0 un prestataire de services de messagerie pour vous envoyer des newsletters lorsque vous avez choisi de vous inscrire pour les recevoir.<\/p><p><br><\/p><p><span style=\"font-size: inherit;\">Vos donn\u00e9es personnelles ne sont pas transf\u00e9r\u00e9es en dehors de l&#8217;Union europ\u00e9enne.<\/span><br><\/p><p><br><\/p><p><span style=\"font-size: inherit;\">Comment s\u00e9curisons-nous vos donn\u00e9es personnelles ?<\/span><br><\/p><p><br><\/p><p>Le Groupe Vernet met en \u0153uvre des mesures de s\u00e9curit\u00e9 techniques (telles que des pare-feu, le cryptage des \u00e9changes, etc.) et organisationnelles (telles que des audits et contr\u00f4les, la sensibilisation, les engagements des sous-traitants, l&#8217;autorisation d&#8217;acc\u00e8s restreint, etc.) pour prot\u00e9ger les donn\u00e9es personnelles contre la destruction, la perte ou l&#8217;acc\u00e8s ill\u00e9gitime.<\/p><p><br><\/p><p><span style=\"font-size: inherit;\">Quels sont vos droits ?<\/span><br><\/p><p><br><\/p><p>Vous pouvez \u00e0 tout moment vous opposer \u00e0 recevoir notre newsletter et nos sollicitations commerciales via le lien de d\u00e9sinscription int\u00e9gr\u00e9 dans les emails.<\/p><p><br><\/p><p><span style=\"font-size: inherit;\">Conform\u00e9ment \u00e0 la r\u00e9glementation en vigueur, vous disposez d&#8217;un droit d&#8217;acc\u00e8s, d&#8217;opposition et de rectification de vos donn\u00e9es, du droit de retirer votre consentement \u00e0 tout moment, du droit de demander l&#8217;effacement de vos donn\u00e9es et d&#8217;obtenir leur limitation ou leur portabilit\u00e9 dans la mesure o\u00f9 cela est applicable. Vous avez \u00e9galement le droit de d\u00e9finir des directives relatives au sort de vos Donn\u00e9es Personnelles apr\u00e8s votre d\u00e9c\u00e8s.&nbsp;<\/span><br><\/p><p><br><\/p><p>Pour exercer vos droits, veuillez contacter le d\u00e9l\u00e9gu\u00e9 \u00e0 la protection des donn\u00e9es du Groupe Vernet via l&#8217;adresse \u00e9lectronique suivante : dpo@vernet-group.com.<\/p><p><br><\/p><p>Si vous pensez que le Groupe Vernet traite ill\u00e9galement vos donn\u00e9es personnelles en violation de vos droits, vous pouvez \u00e0 tout moment d\u00e9poser une plainte aupr\u00e8s de la Commission nationale de l&#8217;informatique et des libert\u00e9s (CNIL) via son site internet (cnil.fr).<\/p>\t\t\t\t\t\t\t\t<\/div>\n\t\t\t\t<\/div>\n\t\t\t\t\t<\/div>\n\t\t<\/div>\n\t\t\t\t\t<\/div>\n\t\t<\/section>\n\t\t\t\t<\/div>\n\t\t","protected":false},"excerpt":{"rendered":"<p>Legal POLITIQUE VIE PRIV\u00c9E Le Groupe Vernet, en tant que responsable du traitement des donn\u00e9es, attache une grande importance \u00e0 la protection de la vie priv\u00e9e et des donn\u00e9es personnelles. La pr\u00e9sente politique de confidentialit\u00e9 a pour objet d&#8217;expliquer nos pratiques et nos engagements concernant le traitement de vos donn\u00e9es [&hellip;]<\/p>\n","protected":false},"author":1,"featured_media":0,"parent":0,"menu_order":0,"comment_status":"closed","ping_status":"closed","template":"page-templates\/template-pagebuilder-full-width.php","meta":{"footnotes":""},"class_list":["post-414","page","type-page","status-publish","hentry"],"yoast_head":"<!-- This site is optimized with the Yoast SEO plugin v27.4 - https:\/\/yoast.com\/product\/yoast-seo-wordpress\/ -->\n<title>Politique de confidentialit\u00e9 - Calorstat Classic<\/title>\n<meta name=\"robots\" content=\"index, follow, max-snippet:-1, max-image-preview:large, max-video-preview:-1\" \/>\n<link rel=\"canonical\" href=\"https:\/\/calorstat-classic.com\/index.php\/fr\/politique-de-confidentialite-2\/\" \/>\n<meta property=\"og:locale\" content=\"en_US\" \/>\n<meta property=\"og:type\" content=\"article\" \/>\n<meta property=\"og:title\" content=\"Politique de confidentialit\u00e9 - Calorstat Classic\" \/>\n<meta property=\"og:description\" content=\"Legal POLITIQUE VIE PRIV\u00c9E Le Groupe Vernet, en tant que responsable du traitement des donn\u00e9es, attache une grande importance \u00e0 la protection de la vie priv\u00e9e et des donn\u00e9es personnelles. La pr\u00e9sente politique de confidentialit\u00e9 a pour objet d&#8217;expliquer nos pratiques et nos engagements concernant le traitement de vos donn\u00e9es [&hellip;]\" \/>\n<meta property=\"og:url\" content=\"https:\/\/calorstat-classic.com\/index.php\/fr\/politique-de-confidentialite-2\/\" \/>\n<meta property=\"og:site_name\" content=\"Calorstat Classic\" \/>\n<meta property=\"article:publisher\" content=\"https:\/\/www.facebook.com\/p\/Calorstat-by-Vernet-100083108571901\/\" \/>\n<meta property=\"article:modified_time\" content=\"2022-09-07T06:52:54+00:00\" \/>\n<meta name=\"twitter:card\" content=\"summary_large_image\" \/>\n<meta name=\"twitter:label1\" content=\"Est. reading time\" \/>\n\t<meta name=\"twitter:data1\" content=\"3 minutes\" \/>\n<script type=\"application\/ld+json\" class=\"yoast-schema-graph\">{\"@context\":\"https:\\\/\\\/schema.org\",\"@graph\":[{\"@type\":\"WebPage\",\"@id\":\"https:\\\/\\\/calorstat-classic.com\\\/index.php\\\/fr\\\/politique-de-confidentialite-2\\\/\",\"url\":\"https:\\\/\\\/calorstat-classic.com\\\/index.php\\\/fr\\\/politique-de-confidentialite-2\\\/\",\"name\":\"Politique de confidentialit\u00e9 - Calorstat Classic\",\"isPartOf\":{\"@id\":\"https:\\\/\\\/calorstat-classic.com\\\/#website\"},\"datePublished\":\"2022-09-07T06:50:47+00:00\",\"dateModified\":\"2022-09-07T06:52:54+00:00\",\"breadcrumb\":{\"@id\":\"https:\\\/\\\/calorstat-classic.com\\\/index.php\\\/fr\\\/politique-de-confidentialite-2\\\/#breadcrumb\"},\"inLanguage\":\"en-US\",\"potentialAction\":[{\"@type\":\"ReadAction\",\"target\":[\"https:\\\/\\\/calorstat-classic.com\\\/index.php\\\/fr\\\/politique-de-confidentialite-2\\\/\"]}]},{\"@type\":\"BreadcrumbList\",\"@id\":\"https:\\\/\\\/calorstat-classic.com\\\/index.php\\\/fr\\\/politique-de-confidentialite-2\\\/#breadcrumb\",\"itemListElement\":[{\"@type\":\"ListItem\",\"position\":1,\"name\":\"Home\",\"item\":\"https:\\\/\\\/calorstat-classic.com\\\/\"},{\"@type\":\"ListItem\",\"position\":2,\"name\":\"Politique de confidentialit\u00e9\"}]},{\"@type\":\"WebSite\",\"@id\":\"https:\\\/\\\/calorstat-classic.com\\\/#website\",\"url\":\"https:\\\/\\\/calorstat-classic.com\\\/\",\"name\":\"Calorstat Classic\",\"description\":\"Thermostat Youngtimers &amp; Oldtimers specialist\",\"publisher\":{\"@id\":\"https:\\\/\\\/calorstat-classic.com\\\/#organization\"},\"potentialAction\":[{\"@type\":\"SearchAction\",\"target\":{\"@type\":\"EntryPoint\",\"urlTemplate\":\"https:\\\/\\\/calorstat-classic.com\\\/?s={search_term_string}\"},\"query-input\":{\"@type\":\"PropertyValueSpecification\",\"valueRequired\":true,\"valueName\":\"search_term_string\"}}],\"inLanguage\":\"en-US\"},{\"@type\":\"Organization\",\"@id\":\"https:\\\/\\\/calorstat-classic.com\\\/#organization\",\"name\":\"calorstat classic\",\"alternateName\":\"calorstat\",\"url\":\"https:\\\/\\\/calorstat-classic.com\\\/\",\"logo\":{\"@type\":\"ImageObject\",\"inLanguage\":\"en-US\",\"@id\":\"https:\\\/\\\/calorstat-classic.com\\\/#\\\/schema\\\/logo\\\/image\\\/\",\"url\":\"https:\\\/\\\/calorstat-classic.com\\\/wp-content\\\/uploads\\\/2022\\\/06\\\/cropped-Header-Calorstat-Classic2.png\",\"contentUrl\":\"https:\\\/\\\/calorstat-classic.com\\\/wp-content\\\/uploads\\\/2022\\\/06\\\/cropped-Header-Calorstat-Classic2.png\",\"width\":150,\"height\":68,\"caption\":\"calorstat classic\"},\"image\":{\"@id\":\"https:\\\/\\\/calorstat-classic.com\\\/#\\\/schema\\\/logo\\\/image\\\/\"},\"sameAs\":[\"https:\\\/\\\/www.facebook.com\\\/p\\\/Calorstat-by-Vernet-100083108571901\\\/\"]}]}<\/script>\n<!-- \/ Yoast SEO plugin. -->","yoast_head_json":{"title":"Politique de confidentialit\u00e9 - Calorstat Classic","robots":{"index":"index","follow":"follow","max-snippet":"max-snippet:-1","max-image-preview":"max-image-preview:large","max-video-preview":"max-video-preview:-1"},"canonical":"https:\/\/calorstat-classic.com\/index.php\/fr\/politique-de-confidentialite-2\/","og_locale":"en_US","og_type":"article","og_title":"Politique de confidentialit\u00e9 - Calorstat Classic","og_description":"Legal POLITIQUE VIE PRIV\u00c9E Le Groupe Vernet, en tant que responsable du traitement des donn\u00e9es, attache une grande importance \u00e0 la protection de la vie priv\u00e9e et des donn\u00e9es personnelles. La pr\u00e9sente politique de confidentialit\u00e9 a pour objet d&#8217;expliquer nos pratiques et nos engagements concernant le traitement de vos donn\u00e9es [&hellip;]","og_url":"https:\/\/calorstat-classic.com\/index.php\/fr\/politique-de-confidentialite-2\/","og_site_name":"Calorstat Classic","article_publisher":"https:\/\/www.facebook.com\/p\/Calorstat-by-Vernet-100083108571901\/","article_modified_time":"2022-09-07T06:52:54+00:00","twitter_card":"summary_large_image","twitter_misc":{"Est. reading time":"3 minutes"},"schema":{"@context":"https:\/\/schema.org","@graph":[{"@type":"WebPage","@id":"https:\/\/calorstat-classic.com\/index.php\/fr\/politique-de-confidentialite-2\/","url":"https:\/\/calorstat-classic.com\/index.php\/fr\/politique-de-confidentialite-2\/","name":"Politique de confidentialit\u00e9 - Calorstat Classic","isPartOf":{"@id":"https:\/\/calorstat-classic.com\/#website"},"datePublished":"2022-09-07T06:50:47+00:00","dateModified":"2022-09-07T06:52:54+00:00","breadcrumb":{"@id":"https:\/\/calorstat-classic.com\/index.php\/fr\/politique-de-confidentialite-2\/#breadcrumb"},"inLanguage":"en-US","potentialAction":[{"@type":"ReadAction","target":["https:\/\/calorstat-classic.com\/index.php\/fr\/politique-de-confidentialite-2\/"]}]},{"@type":"BreadcrumbList","@id":"https:\/\/calorstat-classic.com\/index.php\/fr\/politique-de-confidentialite-2\/#breadcrumb","itemListElement":[{"@type":"ListItem","position":1,"name":"Home","item":"https:\/\/calorstat-classic.com\/"},{"@type":"ListItem","position":2,"name":"Politique de confidentialit\u00e9"}]},{"@type":"WebSite","@id":"https:\/\/calorstat-classic.com\/#website","url":"https:\/\/calorstat-classic.com\/","name":"Calorstat Classic","description":"Thermostat Youngtimers &amp; Oldtimers specialist","publisher":{"@id":"https:\/\/calorstat-classic.com\/#organization"},"potentialAction":[{"@type":"SearchAction","target":{"@type":"EntryPoint","urlTemplate":"https:\/\/calorstat-classic.com\/?s={search_term_string}"},"query-input":{"@type":"PropertyValueSpecification","valueRequired":true,"valueName":"search_term_string"}}],"inLanguage":"en-US"},{"@type":"Organization","@id":"https:\/\/calorstat-classic.com\/#organization","name":"calorstat classic","alternateName":"calorstat","url":"https:\/\/calorstat-classic.com\/","logo":{"@type":"ImageObject","inLanguage":"en-US","@id":"https:\/\/calorstat-classic.com\/#\/schema\/logo\/image\/","url":"https:\/\/calorstat-classic.com\/wp-content\/uploads\/2022\/06\/cropped-Header-Calorstat-Classic2.png","contentUrl":"https:\/\/calorstat-classic.com\/wp-content\/uploads\/2022\/06\/cropped-Header-Calorstat-Classic2.png","width":150,"height":68,"caption":"calorstat classic"},"image":{"@id":"https:\/\/calorstat-classic.com\/#\/schema\/logo\/image\/"},"sameAs":["https:\/\/www.facebook.com\/p\/Calorstat-by-Vernet-100083108571901\/"]}]}},"_links":{"self":[{"href":"https:\/\/calorstat-classic.com\/index.php\/wp-json\/wp\/v2\/pages\/414","targetHints":{"allow":["GET"]}}],"collection":[{"href":"https:\/\/calorstat-classic.com\/index.php\/wp-json\/wp\/v2\/pages"}],"about":[{"href":"https:\/\/calorstat-classic.com\/index.php\/wp-json\/wp\/v2\/types\/page"}],"author":[{"embeddable":true,"href":"https:\/\/calorstat-classic.com\/index.php\/wp-json\/wp\/v2\/users\/1"}],"replies":[{"embeddable":true,"href":"https:\/\/calorstat-classic.com\/index.php\/wp-json\/wp\/v2\/comments?post=414"}],"version-history":[{"count":5,"href":"https:\/\/calorstat-classic.com\/index.php\/wp-json\/wp\/v2\/pages\/414\/revisions"}],"predecessor-version":[{"id":419,"href":"https:\/\/calorstat-classic.com\/index.php\/wp-json\/wp\/v2\/pages\/414\/revisions\/419"}],"wp:attachment":[{"href":"https:\/\/calorstat-classic.com\/index.php\/wp-json\/wp\/v2\/media?parent=414"}],"curies":[{"name":"wp","href":"https:\/\/api.w.org\/{rel}","templated":true}]}}